{"id":41990,"date":"2025-07-04T14:09:11","date_gmt":"2025-07-04T14:09:11","guid":{"rendered":"https:\/\/ayaneo.co\/product\/ayaneo-pocket-s2\/"},"modified":"2026-01-06T00:35:18","modified_gmt":"2026-01-06T00:35:18","slug":"ayaneo-pocket-s2","status":"publish","type":"product","link":"https:\/\/ayaneo.co\/hu\/product\/ayaneo-pocket-s2\/","title":{"rendered":"AYANEO Pocket S2"},"content":{"rendered":"\n<figure class=\"wp-block-video\"><video height=\"1080\" style=\"aspect-ratio: 1920 \/ 1080;\" width=\"1920\" controls=\"\" poster=\"https:\/\/ayaneo.co\/wp-content\/uploads\/2025\/11\/AYANEO-Pocket-S2-&#x2013;-The-Worlds-First-Android-Handheld-with-Snapdragon-G3-Gen-3-Platform-mp4-image.png\" src=\"https:\/\/ayaneo.co\/wp-content\/uploads\/2025\/07\/AYANEO-Pocket-S2-&#x2013;-The-Worlds-First-Android-Handheld-with-Snapdragon-G3-Gen-3-Platform.mp4\"><\/video><\/figure>\n\n<div class=\"wp-block-columns is-layout-flex wp-container-core-columns-is-layout-28f84493 wp-block-columns-is-layout-flex\">\n<div class=\"wp-block-column is-layout-flow wp-block-column-is-layout-flow\" style=\"flex-basis:33.33%\">\n<figure class=\"wp-block-image size-full\"><a href=\"https:\/\/ayaneo.co\/wp-content\/uploads\/2025\/07\/AYANEO-S2-MIX-REAL-LIFE-PHOTO-5-1024x684-1.jpg\"><img fetchpriority=\"high\" decoding=\"async\" width=\"1024\" height=\"684\" src=\"https:\/\/ayaneo.co\/wp-content\/uploads\/2025\/07\/AYANEO-S2-MIX-REAL-LIFE-PHOTO-5-1024x684-1.jpg\" alt=\"Egy &#x151;szinte felv&#xE9;tel k&#xE9;t emberr&#x151;l, akik k&#xE9;zi j&#xE1;t&#xE9;kkonzolokon j&#xE1;tszanak egy s&#xF6;t&#xE9;t k&#xF6;rnyezetben. Az el&#x151;t&#xE9;rben kezek egy s&#xF6;t&#xE9;t konzolt tartanak, amelyen egy izz&#xF3; fantasy- vagy akci&#xF3;j&#xE1;t&#xE9;k l&#xE1;that&#xF3;. A h&#xE1;tt&#xE9;rben &#xE9;s &#xE9;les f&#xF3;kuszban egy vil&#xE1;gos b&#xE9;zs vagy feh&#xE9;r k&#xE9;zi konzolt (AYANEO S2 MIX) tartanak, amely egy harmadik szem&#xE9;ly&#x171; akci&#xF3;j&#xE1;t&#xE9;kot jelen&#xED;t meg egy n&#x151;i karakterrel egy futurisztikus l&#xE9;tes&#xED;tm&#xE9;nyben. A b&#xE9;zs sz&#xED;n&#x171; konzolon piros el&#x151;lapi gombok vannak.   \" class=\"wp-image-37400\" style=\"aspect-ratio:4\/3;object-fit:cover\" srcset=\"https:\/\/ayaneo.co\/wp-content\/uploads\/2025\/07\/AYANEO-S2-MIX-REAL-LIFE-PHOTO-5-1024x684-1.jpg 1024w, https:\/\/ayaneo.co\/wp-content\/uploads\/2025\/07\/AYANEO-S2-MIX-REAL-LIFE-PHOTO-5-1024x684-1-300x200.jpg 300w, https:\/\/ayaneo.co\/wp-content\/uploads\/2025\/07\/AYANEO-S2-MIX-REAL-LIFE-PHOTO-5-1024x684-1-768x513.jpg 768w, https:\/\/ayaneo.co\/wp-content\/uploads\/2025\/07\/AYANEO-S2-MIX-REAL-LIFE-PHOTO-5-1024x684-1-990x661.jpg 990w, https:\/\/ayaneo.co\/wp-content\/uploads\/2025\/07\/AYANEO-S2-MIX-REAL-LIFE-PHOTO-5-1024x684-1-441x295.jpg 441w, https:\/\/ayaneo.co\/wp-content\/uploads\/2025\/07\/AYANEO-S2-MIX-REAL-LIFE-PHOTO-5-1024x684-1-600x401.jpg 600w, https:\/\/ayaneo.co\/wp-content\/uploads\/2025\/07\/AYANEO-S2-MIX-REAL-LIFE-PHOTO-5-1024x684-1-150x100.jpg 150w\" sizes=\"(max-width: 1024px) 100vw, 1024px\" \/><\/a><\/figure>\n<\/div>\n\n\n\n<div class=\"wp-block-column is-layout-flow wp-block-column-is-layout-flow\" style=\"flex-basis:66.66%\">\n<h2 class=\"wp-block-heading\"><strong>AYANEO Pocket S2: Az Android j\u00e1t\u00e9kk\u00e9zisz\u00e1m\u00edt\u00f3g\u00e9pek cs\u00facsa<\/strong><\/h2>\n\n\n\n<p>A hordozhat\u00f3 j\u00e1t\u00e9kok gyorsan fejl\u0151d\u0151 vil\u00e1g\u00e1ban az AYANEO Pocket S2 \u00fatt\u00f6r\u0151 el\u0151rel\u00e9p\u00e9sk\u00e9nt t\u0171nik ki az Android j\u00e1t\u00e9krajong\u00f3k \u00e9s a retro rajong\u00f3k sz\u00e1m\u00e1ra egyar\u00e1nt. Ez a k\u00e9sz\u00fcl\u00e9k t\u00falmutat a tipikus j\u00e1t\u00e9kkonzolon; ez a legmodernebb m\u00e9rn\u00f6ki munka bizony\u00edt\u00e9ka, amely z\u00f6kken\u0151mentesen \u00f6tv\u00f6zi a modern technol\u00f3gi\u00e1t a j\u00e1t\u00e9k\u00f6r\u00f6ks\u00e9g ir\u00e1nti m\u00e9ly megbecs\u00fcl\u00e9ssel. Az AYANEO Pocket S2 a diz\u00e1jn \u00e9s a teljes\u00edtm\u00e9ny csod\u00e1ja, amely p\u00e1ratlan mobilit\u00e1st, nyers teljes\u00edtm\u00e9nyt \u00e9s innovat\u00edv funkci\u00f3kat k\u00edn\u00e1l, amelyek megk\u00fcl\u00f6nb\u00f6ztetik a versenyt\u00e1rsakt\u00f3l. Ez a hordozhat\u00f3 teljes\u00edtm\u00e9nyt \u00e9s pr\u00e9mium \u00e9lm\u00e9nyt ig\u00e9nyl\u0151 j\u00e1t\u00e9kosok sz\u00e1m\u00e1ra k\u00e9sz\u00fclt, \u00e9s \u00fajradefini\u00e1lja a mobil j\u00e1t\u00e9k hat\u00e1rait.   <\/p>\n<\/div>\n<\/div>\n\n<div class=\"wp-block-columns is-layout-flex wp-container-core-columns-is-layout-28f84493 wp-block-columns-is-layout-flex\">\n<div class=\"wp-block-column is-layout-flow wp-block-column-is-layout-flow\">\n<figure class=\"wp-block-image size-full\"><a href=\"https:\/\/ayaneo.co\/wp-content\/uploads\/2025\/07\/AYANEO-S2-MARKETING-DONE-IMAGE-5.jpg\"><img decoding=\"async\" width=\"1000\" height=\"1000\" src=\"https:\/\/ayaneo.co\/wp-content\/uploads\/2025\/07\/AYANEO-S2-MARKETING-DONE-IMAGE-5.jpg\" alt=\"Egy prom&#xF3;ci&#xF3;s k&#xE9;p a Snapdragon G3 Gen 3 j&#xE1;t&#xE9;kplatform specifik&#xE1;ci&#xF3;ir&#xF3;l &#xE9;s teljes&#xED;tm&#xE9;nyjavul&#xE1;s&#xE1;r&#xF3;l. A k&#xE9;p h&#xE1;rom v&#xED;zszintes szakaszra van osztva, mindegyik s&#xF6;t&#xE9;tv&#xF6;r&#xF6;s h&#xE1;tt&#xE9;rrel, amely finom &#xE1;ramk&#xF6;r-szer&#x171; mint&#xE1;kat tartalmaz. &#10;&#10;A fels&#x151; r&#xE9;sz egy piros t&#xE9;glalap alak&#xFA; doboz, amely egy t&#xE1;bl&#xE1;zatot tartalmaz feh&#xE9;r sz&#xF6;veggel:&#10;&#10;SoC: G3 Gen 3 j&#xE1;t&#xE9;kplatform: Snapdragon&#xAE; G3 Gen 3 Gaming Platform&#10;&#10;Folyamat: 4 nm&#10;&#10;CPU: Kryo Prime Core @3.3GHz&#10;&#10;GPU: 1,05GHz-es Adreno&#x2122; A33 GPU: Adreno&#x2122; A33 GPU&#10;&#10;Teljes&#xED;tm&#xE9;ny Cap: 20W&#10;&#10;A k&#xF6;z&#xE9;ps&#x151; r&#xE9;szen a bal oldalon egy nagy &quot;Snapdragon G3 Gen 3&quot; log&#xF3; l&#xE1;that&#xF3;. Jobbra t&#x151;le piros sz&#xED;nnel a &quot;30% &#x2191;&quot; felirat, feh&#xE9;rrel pedig a &quot;CPU Overall Performance Compared to Snapdragon G3x Gen 2&quot; sz&#xF6;veg l&#xE1;that&#xF3;. &#10;&#10;Az als&#xF3; r&#xE9;sz a GPU teljes&#xED;tm&#xE9;ny&#xE9;re vonatkoz&#xF3; inform&#xE1;ci&#xF3;kat tartalmazza. A bal oldalon a &quot;GPU Architecture&quot; (GPU-architekt&#xFA;ra) szerepel, alatta pedig az &quot;A33 &#x2191; A32&quot;, ami friss&#xED;t&#xE9;sre utal. K&#xF6;z&#xE9;pen a &quot;Clock Frequency 1.05GHz&quot; l&#xE1;that&#xF3;. Jobbra a &quot;Graphics Performance Increase by 28%&quot; (grafikus teljes&#xED;tm&#xE9;ny 28%-kal n&#x151;tt), valamint egy kisebb &quot;Snapdragon G3 Gen 3&quot; log&#xF3; l&#xE1;that&#xF3;.   \" class=\"wp-image-37401\" srcset=\"https:\/\/ayaneo.co\/wp-content\/uploads\/2025\/07\/AYANEO-S2-MARKETING-DONE-IMAGE-5.jpg 1000w, https:\/\/ayaneo.co\/wp-content\/uploads\/2025\/07\/AYANEO-S2-MARKETING-DONE-IMAGE-5-300x300.jpg 300w, https:\/\/ayaneo.co\/wp-content\/uploads\/2025\/07\/AYANEO-S2-MARKETING-DONE-IMAGE-5-150x150.jpg 150w, https:\/\/ayaneo.co\/wp-content\/uploads\/2025\/07\/AYANEO-S2-MARKETING-DONE-IMAGE-5-768x768.jpg 768w, https:\/\/ayaneo.co\/wp-content\/uploads\/2025\/07\/AYANEO-S2-MARKETING-DONE-IMAGE-5-65x65.jpg 65w, https:\/\/ayaneo.co\/wp-content\/uploads\/2025\/07\/AYANEO-S2-MARKETING-DONE-IMAGE-5-990x990.jpg 990w, https:\/\/ayaneo.co\/wp-content\/uploads\/2025\/07\/AYANEO-S2-MARKETING-DONE-IMAGE-5-441x441.jpg 441w, https:\/\/ayaneo.co\/wp-content\/uploads\/2025\/07\/AYANEO-S2-MARKETING-DONE-IMAGE-5-100x100.jpg 100w, https:\/\/ayaneo.co\/wp-content\/uploads\/2025\/07\/AYANEO-S2-MARKETING-DONE-IMAGE-5-600x600.jpg 600w\" sizes=\"(max-width: 1000px) 100vw, 1000px\" \/><\/a><\/figure>\n\n\n\n<h3 class=\"wp-block-heading\">A bajnok sz\u00edve: Snapdragon G3 Gen 3 j\u00e1t\u00e9kplatform<\/h3>\n\n\n\n<p>Az AYANEO Pocket S2 az innov\u00e1ci\u00f3 jelz\u0151f\u00e9nye a cs\u00facskateg\u00f3ri\u00e1s Android j\u00e1t\u00e9keszk\u00f6z\u00f6k ter\u00fclet\u00e9n. Magj\u00e1t a f\u00e9lelmetes <strong>Qualcomm Snapdragon\u00ae G3 Gen 3 Gaming Platform adja<\/strong>, amely biztos\u00edtja a figyelemre m\u00e9lt\u00f3 teljes\u00edtm\u00e9nyt az optim\u00e1lis energiafogyaszt\u00e1s mellett. Ezt eg\u00e9sz\u00edti ki a leny\u0171g\u00f6z\u0151 <strong>6,3&#8243;-os<\/strong> <strong>,<\/strong> <strong>2560 \u00d7<\/strong> 1440 <strong>felbont\u00e1s\u00fa,<\/strong> <strong>nagy f\u00e9nyerej\u0171, term\u00e9szetes sz\u00ednvil\u00e1g\u00fa, hat\u00e1rok n\u00e9lk\u00fcli<\/strong> <strong>,<\/strong> 6 <strong>,3&#8243;-os k\u00e9perny\u0151<\/strong> <strong>, amely<\/strong> 466 PPI-vel, 600 nites <strong>f\u00e9nyer\u0151vel<\/strong> <strong>\u00e9s \u00e9l\u00e9nk sz\u00ednpontoss\u00e1ggal<\/strong>(120% sRGB, 90% DCI-P3) l\u00e9legzetel\u00e1ll\u00edt\u00f3 r\u00e9szletess\u00e9ggel <strong>kelti<\/strong> \u00e9letre kedvenc <strong>j\u00e1t\u00e9kait.<\/strong>  <\/p>\n<\/div>\n\n\n\n<div class=\"wp-block-column is-layout-flow wp-block-column-is-layout-flow\">\n<figure class=\"wp-block-image size-full\"><a href=\"https:\/\/ayaneo.co\/wp-content\/uploads\/2025\/07\/AYANEO-S2-MARKETING-DONE-IMAGE-2.jpg\"><img decoding=\"async\" width=\"1000\" height=\"1000\" src=\"https:\/\/ayaneo.co\/wp-content\/uploads\/2025\/07\/AYANEO-S2-MARKETING-DONE-IMAGE-2.jpg\" alt=\"Az AYANEO S2 prom&#xF3;ci&#xF3;s grafik&#xE1;ja &quot;Hosszabb ideig k&#xE9;nyelmes j&#xE1;tszani&quot; c&#xED;mmel, a h&#x171;t&#xE9;st &#xE9;s az ergon&#xF3;mi&#xE1;t hangs&#xFA;lyozva. A f&#x151; k&#xE9;pen egy b&#xE9;zs sz&#xED;n&#x171; konzol h&#xE1;tlapj&#xE1;t tart&#xF3; kezek l&#xE1;that&#xF3;k, kiemelve a perfor&#xE1;lt h&#xE1;tlapot. A bet&#xE9;tk&#xE9;pek a bels&#x151; hardvereket r&#xE9;szletezik: 6630 mm&#xB2; h&#x171;t&#x151; r&#xE9;zlemez &#xE9;s 14295 mm&#xB2; h&#x151;elvezet&#x151; lamell&#xE1;k. Tov&#xE1;bbi dobozok emelik ki a 20W+ cs&#xFA;csteljes&#xED;tm&#xE9;ny-fogyaszt&#xE1;st &#xE9;s a &quot;stabil &#xE9;s k&#xE9;nyelmes extr&#xE9;m j&#xE1;t&#xE9;k&#xE9;lm&#xE9;nyt&quot;.   \" class=\"wp-image-37402\" srcset=\"https:\/\/ayaneo.co\/wp-content\/uploads\/2025\/07\/AYANEO-S2-MARKETING-DONE-IMAGE-2.jpg 1000w, https:\/\/ayaneo.co\/wp-content\/uploads\/2025\/07\/AYANEO-S2-MARKETING-DONE-IMAGE-2-300x300.jpg 300w, https:\/\/ayaneo.co\/wp-content\/uploads\/2025\/07\/AYANEO-S2-MARKETING-DONE-IMAGE-2-150x150.jpg 150w, https:\/\/ayaneo.co\/wp-content\/uploads\/2025\/07\/AYANEO-S2-MARKETING-DONE-IMAGE-2-768x768.jpg 768w, https:\/\/ayaneo.co\/wp-content\/uploads\/2025\/07\/AYANEO-S2-MARKETING-DONE-IMAGE-2-65x65.jpg 65w, https:\/\/ayaneo.co\/wp-content\/uploads\/2025\/07\/AYANEO-S2-MARKETING-DONE-IMAGE-2-990x990.jpg 990w, https:\/\/ayaneo.co\/wp-content\/uploads\/2025\/07\/AYANEO-S2-MARKETING-DONE-IMAGE-2-441x441.jpg 441w, https:\/\/ayaneo.co\/wp-content\/uploads\/2025\/07\/AYANEO-S2-MARKETING-DONE-IMAGE-2-100x100.jpg 100w, https:\/\/ayaneo.co\/wp-content\/uploads\/2025\/07\/AYANEO-S2-MARKETING-DONE-IMAGE-2-600x600.jpg 600w\" sizes=\"(max-width: 1000px) 100vw, 1000px\" \/><\/a><\/figure>\n\n\n\n<h3 class=\"wp-block-heading\">Prec\u00edzi\u00f3s bemenet: TMR Hall-hat\u00e1s\u00fa joystickok \u00e9s line\u00e1ris Hall-hat\u00e1s\u00fa kiv\u00e1lt\u00f3k<\/h3>\n\n\n\n<p>Az ergonomikusan kialak\u00edtott eszk\u00f6z a kiterjesztett k\u00e9nyelem \u00e9rdek\u00e9ben prec\u00edz TMR <strong>elektrom\u00e1gneses k\u00f6zepes Joystickokkal<\/strong> rendelkezik <strong>, RGB vil\u00e1g\u00edt\u00e1ssal \u00e9s \u00e9rz\u00e9keny<\/strong> <strong>line\u00e1ris Hall-Effect Triggerekkel.<\/strong> A kett\u0151s X-tengely\u0171 line\u00e1ris motorok mag\u00e1val ragad\u00f3 haptikus visszajelz\u00e9st biztos\u00edtanak, m\u00edg a Crystal D-Pad \u00e9s az ABXY gombok (a Pocket S2 eset\u00e9ben) biztos\u00edtj\u00e1k a tapint\u00e1si \u00e9lm\u00e9nyt. Ez a k\u00e9zisz\u00e1m\u00edt\u00f3g\u00e9p nem csak j\u00e1t\u00e9kra val\u00f3; pr\u00e9mium kivitelez\u00e9se, bele\u00e9rtve a CNC \u00edves <strong>alum\u00ednium\u00f6tv\u00f6zet keretet \u00e9s<\/strong> <strong>a pr\u00e9mium UV-bevonattal ell\u00e1tott<\/strong> <strong>n\u00e9gy \u00edves<\/strong> <strong>h\u00e1tlapot, sokoldal\u00fa<\/strong> \u00e9s tart\u00f3s <strong>t\u00e1rss\u00e1 teszi<\/strong> b\u00e1rmilyen m\u00e9diafogyaszt\u00e1shoz, otthon vagy \u00fatk\u00f6zben.  <\/p>\n<\/div>\n\n\n\n<div class=\"wp-block-column is-layout-flow wp-block-column-is-layout-flow\">\n<figure class=\"wp-block-image size-full\"><a href=\"https:\/\/ayaneo.co\/wp-content\/uploads\/2025\/07\/AYANEO-S2-MARKETING-DONE-IMAGE-1.jpg\"><img loading=\"lazy\" decoding=\"async\" width=\"1000\" height=\"1000\" src=\"https:\/\/ayaneo.co\/wp-content\/uploads\/2025\/07\/AYANEO-S2-MARKETING-DONE-IMAGE-1.jpg\" alt=\"Egy prom&#xF3;ci&#xF3;s grafika, amely a TMR elektrom&#xE1;gneses k&#xF6;zepes joystickokra &#xE9;s az AYANEO S2 line&#xE1;ris hall-effektus&#xFA; ravaszaira &#xF6;sszpontos&#xED;t. A fels&#x151; fel&#xE9;n a fekete konzol bal &#xE9;s jobb oldali kezel&#x151;szerveinek k&#xF6;zeli &#xF6;sszehasonl&#xED;t&#xE1;sa l&#xE1;that&#xF3;, a joystickok lila sz&#xED;nben vil&#xE1;g&#xED;tanak. Az als&#xF3; r&#xE9;sz k&#xE9;t bet&#xE9;tet tartalmaz: az egyik a TMR joystickok el&#x151;nyeit mutatja be (pl. 1000 Hz-es Polling Rate, nincs holt z&#xF3;na), a m&#xE1;sik pedig egy ujjat mutat, amely a nagy pontoss&#xE1;g&#xFA; Line&#xE1;ris Hall-hat&#xE1;s kiv&#xE1;lt&#xF3;kat haszn&#xE1;lja.  \" class=\"wp-image-37403\" srcset=\"https:\/\/ayaneo.co\/wp-content\/uploads\/2025\/07\/AYANEO-S2-MARKETING-DONE-IMAGE-1.jpg 1000w, https:\/\/ayaneo.co\/wp-content\/uploads\/2025\/07\/AYANEO-S2-MARKETING-DONE-IMAGE-1-300x300.jpg 300w, https:\/\/ayaneo.co\/wp-content\/uploads\/2025\/07\/AYANEO-S2-MARKETING-DONE-IMAGE-1-150x150.jpg 150w, https:\/\/ayaneo.co\/wp-content\/uploads\/2025\/07\/AYANEO-S2-MARKETING-DONE-IMAGE-1-768x768.jpg 768w, https:\/\/ayaneo.co\/wp-content\/uploads\/2025\/07\/AYANEO-S2-MARKETING-DONE-IMAGE-1-65x65.jpg 65w, https:\/\/ayaneo.co\/wp-content\/uploads\/2025\/07\/AYANEO-S2-MARKETING-DONE-IMAGE-1-990x990.jpg 990w, https:\/\/ayaneo.co\/wp-content\/uploads\/2025\/07\/AYANEO-S2-MARKETING-DONE-IMAGE-1-441x441.jpg 441w, https:\/\/ayaneo.co\/wp-content\/uploads\/2025\/07\/AYANEO-S2-MARKETING-DONE-IMAGE-1-100x100.jpg 100w, https:\/\/ayaneo.co\/wp-content\/uploads\/2025\/07\/AYANEO-S2-MARKETING-DONE-IMAGE-1-600x600.jpg 600w\" sizes=\"(max-width: 1000px) 100vw, 1000px\" \/><\/a><\/figure>\n\n\n\n<h3 class=\"wp-block-heading\">Fejlett h\u0151szab\u00e1lyoz\u00e1s 20W TDP h\u0171t\u0151rendszerrel<\/h3>\n\n\n\n<p>  Az AYANEO Pocket S2 sz\u00edve a <strong>Snapdragon\u00ae G3 Gen 3 Gaming Platform.<\/strong> A 4 nm-es elj\u00e1r\u00e1ssal \u00e9s 1+5+2 Octa-core architekt\u00far\u00e1val <strong>,<\/strong> <strong>valamint egy 3,3 GHz-es CPU-val<\/strong> <strong>\u00e9s<\/strong> egy <strong>1,05 GHz-es<\/strong> Adreno&#x2122; A33 <strong>GPU-val<\/strong> rendelkez\u0151 Kryo Prime mag <strong>gal kiv\u00e9teles<\/strong> teljes\u00edtm\u00e9nyt <strong>ny\u00fajt,<\/strong> 20 W-os maxim\u00e1lis TDP mellett <strong>.<\/strong> Ez a nagy teljes\u00edtm\u00e9ny\u0171 konfigur\u00e1ci\u00f3 z\u00f6kken\u0151mentes, nagy h\u0171s\u00e9g\u0171 j\u00e1t\u00e9kot biztos\u00edt az Android-c\u00edmek \u00e9s emul\u00e1lt klasszikusok sz\u00e9les k\u00f6nyvt\u00e1r\u00e1ban, amelyet \u00fagy optimaliz\u00e1ltak, hogy a jelent\u0151sen tov\u00e1bbfejlesztett h\u0171t\u0151rendszernek k\u00f6sz\u00f6nhet\u0151en, amely egy nagy, ultrav\u00e9kony ventil\u00e1torral, r\u00e9zlemezzel \u00e9s kiterjedt lamell\u00e1kkal rendelkezik, foly\u00e9konyan, t\u00falzott h\u0151hat\u00e1s n\u00e9lk\u00fcl fusson.  <\/p>\n<\/div>\n<\/div>\n\n<div class=\"wp-block-columns is-layout-flex wp-container-core-columns-is-layout-28f84493 wp-block-columns-is-layout-flex\">\n<div class=\"wp-block-column is-layout-flow wp-block-column-is-layout-flow\">\n<figure class=\"wp-block-image size-full\"><a href=\"https:\/\/ayaneo.co\/wp-content\/uploads\/2025\/07\/AYANEO-S2-MARKETING-DONE-IMAGE-3.jpg\"><img loading=\"lazy\" decoding=\"async\" width=\"1000\" height=\"1000\" src=\"https:\/\/ayaneo.co\/wp-content\/uploads\/2025\/07\/AYANEO-S2-MARKETING-DONE-IMAGE-3.jpg\" alt=\"Egy letisztult term&#xE9;kk&#xE9;p, amely az AYANEO Pocket S2 k&#xE9;zi j&#xE1;t&#xE9;kkonzolt mutatja feh&#xE9;r sz&#xED;nben, a fels&#x151; sz&#xE9;l&#xE9;r&#x151;l n&#xE9;zve. A konzol v&#xED;zszintesen k&#xF6;z&#xE9;pen &#xE1;ll feh&#xE9;r h&#xE1;tt&#xE9;r el&#x151;tt, bal &#xE9;s jobb oldal&#xE1;n lila hanghull&#xE1;m ikonok jelzik a hangkimenetet. A konzol felett fekete sz&#xF6;veggel az &quot;AYANEO Pocket S2&quot; felirat olvashat&#xF3;. A konzol alatt fekete sz&#xED;nnel a &quot;Upgraded and Optimized Speakers Sound Chamber Structure Sound with More Layers&quot; sz&#xF6;veg olvashat&#xF3;, amely a tov&#xE1;bbfejlesztett hangz&#xE1;st hangs&#xFA;lyozza.   \" class=\"wp-image-37404\" srcset=\"https:\/\/ayaneo.co\/wp-content\/uploads\/2025\/07\/AYANEO-S2-MARKETING-DONE-IMAGE-3.jpg 1000w, https:\/\/ayaneo.co\/wp-content\/uploads\/2025\/07\/AYANEO-S2-MARKETING-DONE-IMAGE-3-300x300.jpg 300w, https:\/\/ayaneo.co\/wp-content\/uploads\/2025\/07\/AYANEO-S2-MARKETING-DONE-IMAGE-3-150x150.jpg 150w, https:\/\/ayaneo.co\/wp-content\/uploads\/2025\/07\/AYANEO-S2-MARKETING-DONE-IMAGE-3-768x768.jpg 768w, https:\/\/ayaneo.co\/wp-content\/uploads\/2025\/07\/AYANEO-S2-MARKETING-DONE-IMAGE-3-65x65.jpg 65w, https:\/\/ayaneo.co\/wp-content\/uploads\/2025\/07\/AYANEO-S2-MARKETING-DONE-IMAGE-3-990x990.jpg 990w, https:\/\/ayaneo.co\/wp-content\/uploads\/2025\/07\/AYANEO-S2-MARKETING-DONE-IMAGE-3-441x441.jpg 441w, https:\/\/ayaneo.co\/wp-content\/uploads\/2025\/07\/AYANEO-S2-MARKETING-DONE-IMAGE-3-100x100.jpg 100w, https:\/\/ayaneo.co\/wp-content\/uploads\/2025\/07\/AYANEO-S2-MARKETING-DONE-IMAGE-3-600x600.jpg 600w\" sizes=\"(max-width: 1000px) 100vw, 1000px\" \/><\/a><\/figure>\n\n\n\n<h3 class=\"wp-block-heading\">Tov\u00e1bbfejlesztett hang\u00e9lm\u00e9ny: Tov\u00e1bbfejlesztett hangsz\u00f3r\u00f3kamra-szerkezet<\/h3>\n<\/div>\n\n\n\n<div class=\"wp-block-column is-layout-flow wp-block-column-is-layout-flow\">\n<figure class=\"wp-block-image size-full\"><a href=\"https:\/\/ayaneo.co\/wp-content\/uploads\/2025\/07\/AYANEO-S2-MARKETING-DONE-IMAGE-4.jpg\"><img loading=\"lazy\" decoding=\"async\" width=\"1000\" height=\"1000\" src=\"https:\/\/ayaneo.co\/wp-content\/uploads\/2025\/07\/AYANEO-S2-MARKETING-DONE-IMAGE-4.jpg\" alt=\"Egy s&#xF6;t&#xE9;t, minimalista marketingk&#xE9;p, amely kiemeli az AYANEO Pocket S2 kijelz&#x151;j&#xE9;nek specifik&#xE1;ci&#xF3;it. A k&#xE9;p bal oldal&#xE1;n hat fekete, lekerek&#xED;tett sarkokkal ell&#xE1;tott t&#xE9;glalap alak&#xFA; doboz l&#xE1;that&#xF3;, amelyek mindegyik&#xE9;ben feh&#xE9;r sz&#xF6;veg tal&#xE1;lhat&#xF3;, amely a k&#xE9;perny&#x151; jellemz&#x151;it r&#xE9;szletezi: &quot;6,3&quot; 2560 x 1440&quot;, &quot;600nits maxim&#xE1;lis glob&#xE1;lis f&#xE9;nyer&#x151;&quot;, &quot;466PPI pixels&#x171;r&#x171;s&#xE9;g&quot;, &quot;IPS Origin Color Screen&quot;, &quot;120% sRGB sz&#xED;nsk&#xE1;la hanger&#x151; 100% sRGB sz&#xED;nsk&#xE1;la lefedetts&#xE9;g 90% DCI-P3&quot; &#xE9;s &quot;16:9 k&#xE9;par&#xE1;ny&quot;. A k&#xE9;p jobb oldal&#xE1;n a fekete AYANEO Pocket S2 k&#xE9;zi j&#xE1;t&#xE9;kkonzol r&#xE9;szleges n&#xE9;zete l&#xE1;that&#xF3;, amelynek k&#xE9;perny&#x151;j&#xE9;n a &quot;AYANEO Pocket S2&quot; felirat &#xE9;s egy &#xE9;l&#xE9;nk r&#xF3;zsasz&#xED;n &#xE9;s k&#xE9;k absztrakt h&#xE1;tt&#xE9;r l&#xE1;that&#xF3;, jobbra lentr&#x151;l felfel&#xE9; sz&#xF6;gelve. A h&#xE1;tt&#xE9;r fel&#xFC;l s&#xF6;t&#xE9;t lil&#xE1;b&#xF3;l alulra &#xE9;l&#xE9;nk magenta sz&#xED;n&#x171;re v&#xE1;ltozik.  \" class=\"wp-image-37405\" srcset=\"https:\/\/ayaneo.co\/wp-content\/uploads\/2025\/07\/AYANEO-S2-MARKETING-DONE-IMAGE-4.jpg 1000w, https:\/\/ayaneo.co\/wp-content\/uploads\/2025\/07\/AYANEO-S2-MARKETING-DONE-IMAGE-4-300x300.jpg 300w, https:\/\/ayaneo.co\/wp-content\/uploads\/2025\/07\/AYANEO-S2-MARKETING-DONE-IMAGE-4-150x150.jpg 150w, https:\/\/ayaneo.co\/wp-content\/uploads\/2025\/07\/AYANEO-S2-MARKETING-DONE-IMAGE-4-768x768.jpg 768w, https:\/\/ayaneo.co\/wp-content\/uploads\/2025\/07\/AYANEO-S2-MARKETING-DONE-IMAGE-4-65x65.jpg 65w, https:\/\/ayaneo.co\/wp-content\/uploads\/2025\/07\/AYANEO-S2-MARKETING-DONE-IMAGE-4-990x990.jpg 990w, https:\/\/ayaneo.co\/wp-content\/uploads\/2025\/07\/AYANEO-S2-MARKETING-DONE-IMAGE-4-441x441.jpg 441w, https:\/\/ayaneo.co\/wp-content\/uploads\/2025\/07\/AYANEO-S2-MARKETING-DONE-IMAGE-4-100x100.jpg 100w, https:\/\/ayaneo.co\/wp-content\/uploads\/2025\/07\/AYANEO-S2-MARKETING-DONE-IMAGE-4-600x600.jpg 600w\" sizes=\"(max-width: 1000px) 100vw, 1000px\" \/><\/a><\/figure>\n\n\n\n<h3 class=\"wp-block-heading\"><strong>Leny\u0171g\u00f6z\u0151 l\u00e1tv\u00e1nyvil\u00e1g: 600 Nits f\u00e9nyer\u0151vel: 6,7&#8243; 1440p kijelz\u0151 600 Nits f\u00e9nyer\u0151vel.<\/strong><\/h3>\n<\/div>\n\n\n\n<div class=\"wp-block-column is-layout-flow wp-block-column-is-layout-flow\">\n<figure class=\"wp-block-image size-full\"><a href=\"https:\/\/ayaneo.co\/wp-content\/uploads\/2025\/07\/AYANEO-S2-MARKETING-DONE-IMAGE-6.jpg\"><img loading=\"lazy\" decoding=\"async\" width=\"1000\" height=\"1000\" src=\"https:\/\/ayaneo.co\/wp-content\/uploads\/2025\/07\/AYANEO-S2-MARKETING-DONE-IMAGE-6.jpg\" alt=\"Az AYANEO Pocket S2 kilenct&#xE1;bl&#xE1;s marketingk&#xE9;pe, amely k&#xFC;l&#xF6;nb&#xF6;z&#x151; funkci&#xF3;kat mutat be. Az &#xE1;ltal&#xE1;nos h&#xE1;tt&#xE9;r s&#xF6;t&#xE9;tk&#xE9;k sz&#xED;n&#x171;, finom hatsz&#xF6;glet&#x171; mint&#xE1;val. &#10;&#10;Minden panel egy k&#xE9;pet &#xE9;s egy sz&#xF6;veges le&#xED;r&#xE1;st tartalmaz:&#10;&#10;Balra fent: K&#xF6;zelk&#xE9;p egy chipr&#x151;l egy &#xE1;ramk&#xF6;ri lapon, rajta a k&#xF6;vetkez&#x151; sz&#xF6;veggel: &quot;A Snapdragon&#xAE; G3 Gen 3 j&#xE1;t&#xE9;kplatform els&#x151;k&#xE9;nt&quot;.&#10;&#10;Fent k&#xF6;z&#xE9;pen: A fekete AYANEO Pocket S2 k&#xE9;perny&#x151;j&#xE9;n sz&#xED;nes absztrakt k&#xE9;p l&#xE1;that&#xF3;, a sz&#xF6;veggel: &quot;6,3&quot; 1440P ultra-HD LCD kijelz&#x151; a leny&#x171;g&#xF6;z&#x151; l&#xE1;tv&#xE1;ny&#xE9;rt&#10;&#10;Jobbra fent: &quot;Ak&#xE1;r 10000mAh kapacit&#xE1;s&#xFA; akkumul&#xE1;tor a hosszabb &#xE9;lettartam&#xE9;rt&quot; felirattal.&#10;&#10;Balra k&#xF6;z&#xE9;pen: Egy stiliz&#xE1;lt ventil&#xE1;tor ikon, a k&#xF6;vetkez&#x151; sz&#xF6;veggel: &quot;Optimaliz&#xE1;lt h&#x171;t&#x151;rendszer a hat&#xE9;kony h&#x151;elvezet&#xE9;s &#xE9;rdek&#xE9;ben&quot;.&#10;&#10;K&#xF6;z&#xE9;ps&#x151; k&#xF6;z&#xE9;ps&#x151;: AYANEO Pocket S2 k&#xF6;zeli k&#xE9;p, a &quot;TMR Medium Joystick Delivers More Precise Control&quot; (TMR k&#xF6;zepes m&#xE9;ret&#x171; joystick prec&#xED;zebb vez&#xE9;rl&#xE9;st biztos&#xED;t) felirattal.&#10;&#10;Jobbra k&#xF6;z&#xE9;pen: AYANEO Pocket S2 cser&#xE9;lhet&#x151; D-pad &#xE9;s gombsapk&#xE1;k, a sz&#xF6;veggel: &quot;Cser&#xE9;lhet&#x151; ir&#xE1;nygombos kialak&#xED;t&#xE1;s, szabadon kapcsolhat&#xF3; D-pad \/ 8-way D-pad&quot; &#xE9;s egy kisebb megjegyz&#xE9;ssel: &quot;*Csak a Pocket S2 Pro t&#xE1;mogatott&quot;.&#10;&#10;Balra lent: K&#xF6;zelk&#xE9;p a fekete AYANEO Pocket S2 oldal&#xE1;r&#xF3;l, kiemelve a f&#xE9;mkeretet, a &quot;CNC f&#xE9;mkeret, amely a technol&#xF3;giai eszt&#xE9;tik&#xE1;t f&#xE9;mes &#xE9;rz&#xE9;ssel &#xF6;tv&#xF6;zi&quot; sz&#xF6;veggel.&#10;&#10;Alul k&#xF6;z&#xE9;pen: &quot;Ergonomikus test a k&#xE9;nyelmes fog&#xE1;s&#xE9;rt &#xE9;s a m&#x171;v&#xE9;szi kivitelez&#xE9;s&#xE9;rt&quot; felirat&#xFA; sz&#xF6;veggel.&#10;&#10;Jobbra lent: A k&#xE9;perny&#x151; az AYAHOME szoftver fel&#xFC;let&#xE9;t mutatja k&#xFC;l&#xF6;nb&#xF6;z&#x151; ikonokkal, a &quot;Saj&#xE1;t fejleszt&#xE9;s&#x171; AYASpace \/ AYAHOME szoftverrendszer&quot; sz&#xF6;veggel.  \" class=\"wp-image-37407\" srcset=\"https:\/\/ayaneo.co\/wp-content\/uploads\/2025\/07\/AYANEO-S2-MARKETING-DONE-IMAGE-6.jpg 1000w, https:\/\/ayaneo.co\/wp-content\/uploads\/2025\/07\/AYANEO-S2-MARKETING-DONE-IMAGE-6-300x300.jpg 300w, https:\/\/ayaneo.co\/wp-content\/uploads\/2025\/07\/AYANEO-S2-MARKETING-DONE-IMAGE-6-150x150.jpg 150w, https:\/\/ayaneo.co\/wp-content\/uploads\/2025\/07\/AYANEO-S2-MARKETING-DONE-IMAGE-6-768x768.jpg 768w, https:\/\/ayaneo.co\/wp-content\/uploads\/2025\/07\/AYANEO-S2-MARKETING-DONE-IMAGE-6-65x65.jpg 65w, https:\/\/ayaneo.co\/wp-content\/uploads\/2025\/07\/AYANEO-S2-MARKETING-DONE-IMAGE-6-990x990.jpg 990w, https:\/\/ayaneo.co\/wp-content\/uploads\/2025\/07\/AYANEO-S2-MARKETING-DONE-IMAGE-6-441x441.jpg 441w, https:\/\/ayaneo.co\/wp-content\/uploads\/2025\/07\/AYANEO-S2-MARKETING-DONE-IMAGE-6-100x100.jpg 100w, https:\/\/ayaneo.co\/wp-content\/uploads\/2025\/07\/AYANEO-S2-MARKETING-DONE-IMAGE-6-600x600.jpg 600w\" sizes=\"(max-width: 1000px) 100vw, 1000px\" \/><\/a><\/figure>\n\n\n\n<h3 class=\"wp-block-heading\">CNC alum\u00ednium keret, 600 Nits f\u00e9nyer\u0151 \u00e9s sz\u00ednpontoss\u00e1g<\/h3>\n<\/div>\n<\/div>\n\n<p><strong>Mem\u00f3ria \u00e9s t\u00e1rol\u00e1s:<\/strong> <strong>A 8533 Mbps<\/strong> sebess\u00e9ggel <strong>m\u0171k\u00f6d\u0151<\/strong> <strong>,<\/strong> ak\u00e1r <strong>16 GB ultragyors LPDDR5X RAM mem\u00f3ri\u00e1val<\/strong> rendelkez\u0151 konfigur\u00e1ci\u00f3kkal az AYANEO Pocket S2 b\u0151s\u00e9ges mem\u00f3ri\u00e1t k\u00edn\u00e1l az intenz\u00edv t\u00f6bbfeladatos munkav\u00e9gz\u00e9shez <strong>,<\/strong> \u00e9s vajpuhas\u00e1got biztos\u00edt minden j\u00e1t\u00e9kban \u00e9s alkalmaz\u00e1sban. A t\u00e1rol\u00f3kapacit\u00e1s ak\u00e1r <strong>1 TB UFS 4.0 flashmem\u00f3ri\u00e1ig<\/strong> terjed <strong>(UFS 3.1<\/strong> a 128 GB-os v\u00e1ltozat eset\u00e9ben), \u00edgy a j\u00e1t\u00e9kosok a modern Android-j\u00e1t\u00e9kok \u00e9s klasszikus c\u00edmek teljes k\u00f6nyvt\u00e1r\u00e1t magukkal vihetik, \u00e9s azonnal j\u00e1tszhat\u00f3k an\u00e9lk\u00fcl, hogy a bet\u00f6lt\u00e9si id\u0151k vagy a helyhi\u00e1ny miatt kellene agg\u00f3dniuk. <\/p>\n\n<h2 class=\"wp-block-heading\">Felhaszn\u00e1l\u00f3i \u00e9lm\u00e9ny<\/h2>\n\n<p>Az AYANEO Pocket S2 egy egyedi Android oper\u00e1ci\u00f3s rendszerrel fut, amelyet apr\u00f3l\u00e9kosan a kiv\u00e1l\u00f3 j\u00e1t\u00e9k\u00e9lm\u00e9nyhez szabtak. Ez az optimaliz\u00e1lt platform t\u00e1mogatja az Android-j\u00e1t\u00e9kok \u00e9s emul\u00e1torok sz\u00e9les sk\u00e1l\u00e1j\u00e1t, \u00e9s t\u00f6bb ezer modern \u00e9s klasszikus c\u00edmmel k\u00edn\u00e1l kompatibilit\u00e1st. A <strong>nagysebess\u00e9g\u0171 WiFi \u00e9s<\/strong> <strong>a Bluetooth 5.3 csatlakoz\u00e1si<\/strong> lehet\u0151s\u00e9gek megnyitj\u00e1k az utat a z\u00f6kken\u0151mentes online t\u00f6bbj\u00e1t\u00e9kos j\u00e1t\u00e9k \u00e9s a tartoz\u00e9kok p\u00e1ros\u00edt\u00e1sa el\u0151tt. <strong>Az<\/strong> integr\u00e1lt <strong>AYANEO saj\u00e1t fejleszt\u00e9s\u0171 szoftvere, az AYASpace &amp; AYAHome tov\u00e1bb fokozza<\/strong> az \u00e9lm\u00e9nyt <strong>,<\/strong> intuit\u00edv fel\u00fcletet biztos\u00edt a j\u00e1t\u00e9kb\u00f6ng\u00e9sz\u00e9shez, a rendszerkezel\u00e9shez, a testreszabhat\u00f3 vez\u00e9rl\u00e9shez, a billenty\u0171zet-eg\u00e9r m\u00f3dhoz \u00e9s az \u00faj teljes\u00edtm\u00e9nym\u00f3dokhoz, bele\u00e9rtve a dedik\u00e1lt Streaming m\u00f3dot is. A tov\u00e1bbi k\u00e9nyelem \u00e9rdek\u00e9ben a <strong>bekapcsol\u00f3gombot ujjlenyomat-felismer\u00e9ssel integr\u00e1lt\u00e1k.<\/strong>    <\/p>\n\n<h2 class=\"wp-block-heading\">K\u00f6vetkeztet\u00e9s<\/h2>\n\n<p>Az AYANEO Pocket S2 t\u00f6bb, mint egy Android j\u00e1t\u00e9kk\u00e9zisz\u00e1m\u00edt\u00f3g\u00e9p; ez egy \u00e1tfog\u00f3 sz\u00f3rakoztat\u00f3 rendszer, amely t\u00f6k\u00e9letesen \u00f6tv\u00f6zi a nagy h\u0171s\u00e9g\u0171 modern j\u00e1t\u00e9kokat a klasszikus emul\u00e1ci\u00f3 nosztalgi\u00e1j\u00e1val. Nagy teljes\u00edtm\u00e9ny\u00e9vel, innovat\u00edv kialak\u00edt\u00e1s\u00e1val, robusztus h\u0171t\u00e9s\u00e9vel \u00e9s a felhaszn\u00e1l\u00f3i \u00e9lm\u00e9nyre val\u00f3 nagyfok\u00fa \u00f6sszpontos\u00edt\u00e1s\u00e1val ez a k\u00e9sz\u00fcl\u00e9k a hordozhat\u00f3 j\u00e1t\u00e9kok \u00e9lvonal\u00e1ban \u00e1ll, \u00e9s megh\u00edvja a tapasztalt j\u00e1t\u00e9kosokat \u00e9s az \u00fajonnan \u00e9rkez\u0151ket egyar\u00e1nt, hogy a mobil- \u00e9s retr\u00f3j\u00e1t\u00e9kok gazdag vil\u00e1g\u00e1t \u00faj, leny\u0171g\u00f6z\u0151 f\u00e9nyben fedezz\u00e9k fel. <\/p>\n\n<p>Ne hagyd ki a lehet\u0151s\u00e9get, hogy megtapasztald a hordozhat\u00f3 j\u00e1t\u00e9kok k\u00f6vetkez\u0151 evol\u00faci\u00f3j\u00e1t. Fogadd el a sz\u00f3rakoz\u00e1s j\u00f6v\u0151j\u00e9t az AYANEO Pocket S2-vel. <\/p>\n","protected":false},"excerpt":{"rendered":"<ul>\n<li>Processzor:<strong> G3 Gen 3<\/strong><\/li>\n<li>Megjelen\u00edt\u00e9s: <strong>Hat\u00e1r n\u00e9lk\u00fcli 1440P \u00e9rint\u0151k\u00e9perny\u0151: 6,3&#8243;<\/strong>.<\/li>\n<li>RAM: Ak\u00e1r 16 GB<strong> LPDDR5X<\/strong> (8533<strong>MT\/s)<\/strong><\/li>\n<li>T\u00e1rol\u00e1s:<strong> UFS<\/strong> 4.0\uff08UFS 3.1 &#8211; 128GB)<\/li>\n<li>Csatlakoztathat\u00f3s\u00e1g: 5 <strong>.3<\/strong><\/li>\n<\/ul>\n<p><img loading=\"lazy\" decoding=\"async\" class=\"alignnone size-full wp-image-30674\" src=\"https:\/\/ayaneo.co\/wp-content\/uploads\/2025\/07\/FREEBIE-TEMP-LONG.jpg\" alt=\"Egy prom\u00f3ci\u00f3s banner a  \" width=\"1000\" height=\"140\" srcset=\"https:\/\/ayaneo.co\/wp-content\/uploads\/2025\/07\/FREEBIE-TEMP-LONG.jpg 1000w, https:\/\/ayaneo.co\/wp-content\/uploads\/2025\/07\/FREEBIE-TEMP-LONG-300x42.jpg 300w, https:\/\/ayaneo.co\/wp-content\/uploads\/2025\/07\/FREEBIE-TEMP-LONG-768x108.jpg 768w, https:\/\/ayaneo.co\/wp-content\/uploads\/2025\/07\/FREEBIE-TEMP-LONG-990x139.jpg 990w, https:\/\/ayaneo.co\/wp-content\/uploads\/2025\/07\/FREEBIE-TEMP-LONG-441x62.jpg 441w, https:\/\/ayaneo.co\/wp-content\/uploads\/2025\/07\/FREEBIE-TEMP-LONG-600x84.jpg 600w, https:\/\/ayaneo.co\/wp-content\/uploads\/2025\/07\/FREEBIE-TEMP-LONG-150x21.jpg 150w\" sizes=\"(max-width: 1000px) 100vw, 1000px\" \/> <\/p>\n[cg_accordion title=\"FIZET\u00c9SI INFORM\u00c1CI\u00d3K\"]<\/p>\n<p>A leg\u00fajabb technol\u00f3gi\u00e1t haszn\u00e1ljuk a fizet\u00e9s feldolgoz\u00e1s\u00e1ban, amely lehet\u0151v\u00e9 teszi, hogy az Apple Pay, a Google Pay, a bankk\u00e1rtya\/hitelk\u00e1rtya, a PayPal vagy a BNPL m\u00f3dszerek, mint p\u00e9ld\u00e1ul a Klarna, az Affirm vagy az AfterPay seg\u00edts\u00e9g\u00e9vel fizessen ki gyorsan \u00e9s biztons\u00e1gosan.[\/cg_accordion]\n[cg_accordion title=\"GARANCIA\"]<\/p>\n<p>1 \u00e9v garancia a <a href=\"https:\/\/droix.net\/\" target=\"_blank\" rel=\"nofollow noopener\">DROIX Global- t\u00f3l az \u00d6n nyugalma \u00e9rdek\u00e9ben<\/a> [\/cg_accordion]\n[cg_accordion title=\"MIN\u0150S\u00c9GBIZTOS\u00cdT\u00c1S \u00c9S SZ\u00c1LL\u00cdT\u00c1S EL\u0150TTI TESZTEL\u00c9S\"]<\/p>\n<p>A legmagasabb sz\u00ednvonal\u00fa \u00fcgyf\u00e9l-el\u00e9gedetts\u00e9g biztos\u00edt\u00e1sa: Minden k\u00e9sz\u00fcl\u00e9ket szigor\u00fa tesztel\u00e9snek \u00e9s t\u00f6bbpontos min\u0151s\u00e9gbiztos\u00edt\u00e1si ellen\u0151rz\u00e9snek vetnek al\u00e1, miel\u0151tt kisz\u00e1ll\u00edt\u00e1sra ker\u00fcl. Elk\u00f6telezett csapatunk ellen\u0151rzi a teljes\u00edtm\u00e9nyt, a funkcionalit\u00e1st \u00e9s az alkatr\u00e9szek \u00e9ps\u00e9g\u00e9t, hogy garant\u00e1ljuk, hogy az AYANEO k\u00e9sz\u00fcl\u00e9k meg\u00e9rkez\u00e9sekor t\u00f6k\u00e9letes m\u0171k\u00f6d\u00e9si \u00e1llapotban van, \u00edgy biztos\u00edtva \u00d6nnek a bizalmat \u00e9s a nyugalmat. [\/cg_accordion]\n[cg_accordion title=\"\u00c1RK\u00c9PZ\u00c9S, AD\u00d3K \u00c9S SZ\u00c1LL\u00cdT\u00c1S\"]<\/p>\n<p><strong><u>Megjegyz\u00e9s:<\/u><\/strong><\/p>\n<ul>\n<li>Egyes\u00fclt \u00c1llamok \u00dcgyfelek: A felt\u00fcntetett \u00e1r NEM tartalmazza az ad\u00f3t \u00e9s a v\u00e1mokat. A v\u00e1mkezel\u00e9s \u00e9s a kapcsol\u00f3d\u00f3 ad\u00f3k\/v\u00e1mok megfizet\u00e9se az \u00fcgyfelet terheli. <\/li>\n<li>EU-s \u00fcgyfelek: A felt\u00fcntetett \u00e1r tartalmazza az alkalmazand\u00f3 ad\u00f3t, amely az \u00d6n orsz\u00e1g\u00e1t\u00f3l f\u00fcgg\u0151en ak\u00e1r 25% is lehet.<\/li>\n<li>Kanadai \u00fcgyfelek: A felt\u00fcntetett \u00e1r tartalmazza az alkalmazand\u00f3 ad\u00f3kat, amelyek az \u00d6n tartom\u00e1ny\u00e1t\u00f3l f\u00fcgg\u0151en tartalmazhatj\u00e1k az 5%-os GST-t \u00e9s tov\u00e1bbi tartom\u00e1nyi forgalmi ad\u00f3kat (PST), harmoniz\u00e1lt forgalmi ad\u00f3t (HST) vagy qu\u00e9beci forgalmi ad\u00f3t (QST).<\/li>\n<\/ul>\n<p><strong>CSAK EU-s \u00fcgyfelek sz\u00e1m\u00e1ra:<\/strong> Express DDP (Delivered Duty Paid). Ez azt jelenti: <\/p>\n<ul>\n<li>A term\u00e9k oldal\u00e1n felt\u00fcntetett \u00e1r tartalmazza az \u00f6sszes v\u00e1mot \u00e9s ad\u00f3t.<\/li>\n<li>A k\u00e9zbes\u00edt\u00e9skor nem kell tov\u00e1bbi d\u00edjakat fizetnie.<\/li>\n<li>Abban a ritka esetben, ha a v\u00e1mkezel\u00e9ssel kapcsolatos probl\u00e9m\u00e1k mer\u00fclnek fel, csapatunk az \u00d6n nev\u00e9ben elv\u00e9gzi a v\u00e1mkezel\u00e9si folyamatot, hogy biztos\u00edtsa a z\u00f6kken\u0151mentes sz\u00e1ll\u00edt\u00e1st.<\/li>\n<p>Fontos inform\u00e1ci\u00f3k a visszak\u00fcld\u00e9sr\u0151l:<\/p>\n<li>Ha \u00fagy d\u00f6nt, hogy visszak\u00fcldi megrendel\u00e9s\u00e9t vagy visszat\u00e9r\u00edt\u00e9st k\u00e9r, k\u00e9rj\u00fck, vegye figyelembe, hogy a DDP felt\u00e9telei szerint az \u00d6n nev\u00e9ben kifizetett ad\u00f3k \u00e9s v\u00e1mok nem t\u00e9r\u00edthet\u0151k vissza.<\/li>\n<p>R\u00e9szletes <a href=\"https:\/\/ayaneo.co\/hu\/szolgaltatasi-feltetelek\/\" target=\"_blank\" rel=\"nofollow noopener\">inform\u00e1ci\u00f3k\u00e9rt k\u00e9rj\u00fck, olvassa el a Felhaszn\u00e1l\u00e1si Felt\u00e9teleinket<\/a>.\n<\/ul>\n<p>[\/cg_accordion]\n[cg_accordion title=\"\u00dcGYF\u00c9LSZOLG\u00c1LAT\"]<\/p>\n<p>K\u00e9rd\u00e9se van? Egy r\u00f6vid sz\u00f6veges \u00fczenetben megoldjuk a probl\u00e9m\u00e1j\u00e1t! [\/cg_accordion]\n[cg_accordion title=\"A CSOMAG TARTALMAZZA\"]<\/p>\n<ul>\n<li>1x AYANEO Pocket S2<\/li>\n<li>1x USB Type-C k\u00e1bel<\/li>\n<li>1x Felhaszn\u00e1l\u00f3i k\u00e9zik\u00f6nyv<\/li>\n<\/ul>\n<p>[\/cg_accordion]\n","protected":false},"featured_media":41999,"template":"","meta":{"_acf_changed":false},"product_brand":[],"product_cat":[4889],"product_tag":[],"class_list":{"0":"post-41990","1":"product","2":"type-product","3":"status-publish","4":"has-post-thumbnail","6":"product_cat-android-jatek-kezi-szamitogep","7":"product_shipping_class-premium","8":"pa_brand-ayaneo","9":"pa_graphics-gpu-model-adreno-a33","10":"pa_operating-system-android-14","11":"pa_processor-cpu-brand-qualcomm","13":"first","14":"instock","15":"taxable","16":"shipping-taxable","17":"purchasable","18":"product-type-variable","19":"has-default-attributes"},"acf":[],"_links":{"self":[{"href":"https:\/\/ayaneo.co\/hu\/wp-json\/wp\/v2\/product\/41990","targetHints":{"allow":["GET"]}}],"collection":[{"href":"https:\/\/ayaneo.co\/hu\/wp-json\/wp\/v2\/product"}],"about":[{"href":"https:\/\/ayaneo.co\/hu\/wp-json\/wp\/v2\/types\/product"}],"wp:featuredmedia":[{"embeddable":true,"href":"https:\/\/ayaneo.co\/hu\/wp-json\/wp\/v2\/media\/41999"}],"wp:attachment":[{"href":"https:\/\/ayaneo.co\/hu\/wp-json\/wp\/v2\/media?parent=41990"}],"wp:term":[{"taxonomy":"product_brand","embeddable":true,"href":"https:\/\/ayaneo.co\/hu\/wp-json\/wp\/v2\/product_brand?post=41990"},{"taxonomy":"product_cat","embeddable":true,"href":"https:\/\/ayaneo.co\/hu\/wp-json\/wp\/v2\/product_cat?post=41990"},{"taxonomy":"product_tag","embeddable":true,"href":"https:\/\/ayaneo.co\/hu\/wp-json\/wp\/v2\/product_tag?post=41990"}],"curies":[{"name":"wp","href":"https:\/\/api.w.org\/{rel}","templated":true}]}}