{"id":47634,"date":"2026-02-16T12:19:52","date_gmt":"2026-02-16T12:19:52","guid":{"rendered":"https:\/\/ayaneo.co\/product\/usb-4-0-type-c-kabel\/"},"modified":"2026-04-24T10:35:15","modified_gmt":"2026-04-24T10:35:15","slug":"usb-4-0-type-c-kabel","status":"publish","type":"product","link":"https:\/\/ayaneo.co\/hu\/product\/usb-4-0-type-c-kabel\/","title":{"rendered":"USB 4.0 Type-C k\u00e1bel"},"content":{"rendered":"\n<h2 class=\"wp-block-heading\"><strong>USB4 k\u00e1bel USB C: A v\u00e9gs\u0151 Thunderbolt 4 t\u00e1pell\u00e1t\u00e1si \u00e9s adat\u00e1tviteli megold\u00e1s<\/strong><\/h2>\n\n<p>Az USB4 k\u00e1bel USB C egy nagy teljes\u00edtm\u00e9ny\u0171 csatlakoztat\u00e1si megold\u00e1s, amelyet \u00fagy terveztek, hogy megfeleljen a modern professzion\u00e1lis \u00e9s j\u00e1t\u00e9kk\u00e9sz\u00fcl\u00e9kek szigor\u00fa k\u00f6vetelm\u00e9nyeinek. Ak\u00e1r egy cs\u00facskateg\u00f3ri\u00e1s MacBookot, egy eGPU-t vagy egy nagy sebess\u00e9g\u0171 SSD-t csatlakoztat, ez a k\u00e1bel biztos\u00edtja, hogy a hardvered az abszol\u00fat cs\u00facson m\u0171k\u00f6dj\u00f6n. A leg\u00fajabb Thunderbolt 4 szabv\u00e1nyok integr\u00e1l\u00e1s\u00e1val univerz\u00e1lis hidat biztos\u00edt az \u00f6sszes Type-C eszk\u00f6z\u00f6d sz\u00e1m\u00e1ra, p\u00e1ratlan sokoldal\u00fas\u00e1got biztos\u00edtva egyetlen, eleg\u00e1ns csomagban.  <\/p>\n\n<hr class=\"wp-block-separator has-alpha-channel-opacity\"\/>\n\n<h2 class=\"wp-block-heading\"><strong>Tapasztalja meg a 40 Gbps-os USB4 USB C k\u00e1bellel az elk\u00e9peszt\u0151 sebess\u00e9get<\/strong><\/h2>\n\n<p>Az adat\u00e1tvitel \u00faj magass\u00e1gokat \u00e9r el ezzel a k\u00e1bellel, amely ak\u00e1r 40 Gbps sebess\u00e9get is k\u00edn\u00e1l. Ez l\u00e9nyegesen gyorsabb, mint a szabv\u00e1nyos USB-C alternat\u00edv\u00e1k, \u00edgy percek helyett m\u00e1sodpercek alatt mozgathatsz hatalmas f\u00e1jlokat. Mivel teljes m\u00e9rt\u00e9kben kompatibilis a Thunderbolt 3-mal \u00e9s az USB 3.2-vel, a teljes\u00edtm\u00e9ny fel\u00e1ldoz\u00e1sa n\u00e9lk\u00fcl haszn\u00e1lhatod a hagyom\u00e1nyos \u00e9s modern hardverek sz\u00e9les sk\u00e1l\u00e1j\u00e1n.  <\/p>\n\n<h2 class=\"wp-block-heading\"><strong>Gyors 240 W-os t\u00e1pell\u00e1t\u00e1s nagy teljes\u00edtm\u00e9ny\u0171 laptopokhoz<\/strong><\/h2>\n\n<p>Az eszk\u00f6z\u00f6k \u00e1ramell\u00e1t\u00e1sa ugyanolyan hat\u00e9kony, mint az adat\u00e1tvitel. Az USB4 k\u00e1bel USB C t\u00e1mogatja a PD 3.1 EPR-t, amely hatalmas 240 W (48V\/5A) gyorst\u00f6lt\u00e9si kapacit\u00e1st tesz lehet\u0151v\u00e9. Ez azt jelenti, hogy k\u00f6nnyed\u00e9n megbirk\u00f3zik egy 16 h\u00fcvelykes MacBook Pro vagy a leg\u00fajabb j\u00e1t\u00e9kos laptopok energiaig\u00e9ny\u00e9vel. A nagyfesz\u00fclts\u00e9g\u0171 \u00e1tvitelek biztons\u00e1ga \u00e9rdek\u00e9ben a k\u00e1bel be\u00e9p\u00edtett E-Marker chippel rendelkezik, amely intelligensen kezeli az energia\u00e1raml\u00e1st \u00e9s megakad\u00e1lyozza a t\u00falmeleged\u00e9st.   <\/p>\n\n<hr class=\"wp-block-separator has-alpha-channel-opacity\"\/>\n\n<h2 class=\"wp-block-heading\"><strong>Vizu\u00e1lis kiv\u00e1l\u00f3s\u00e1g 8K60Hz \u00e9s Dual 4K t\u00e1mogat\u00e1ssal<\/strong><\/h2>\n\n<p>Ha \u00d6n kreat\u00edv szakember vagy j\u00e1t\u00e9krajong\u00f3, az USB4 k\u00e1bel USB C vide\u00f3s k\u00e9pess\u00e9gei leny\u0171g\u00f6zni fogj\u00e1k. Egyetlen 8K Ultra HD kijelz\u0151t t\u00e1mogat sima 60 Hz-es friss\u00edt\u00e9si frekvenci\u00e1val, \u00edgy minden r\u00e9szlet \u00e9les tisztas\u00e1ggal jelenik meg. Alternat\u00edvak\u00e9nt a k\u00e1bel k\u00e9t 4K monitor meghajt\u00e1s\u00e1ra is k\u00e9pes, \u00edgy a multi-tasking \u00e9s a mag\u00e1val ragad\u00f3 munka\u00e1llom\u00e1sok elengedhetetlen eszk\u00f6ze.  <\/p>\n\n<h2 class=\"wp-block-heading\"><strong>Robusztus \u00e9p\u00edt\u00e9si min\u0151s\u00e9g \u00e9s univerz\u00e1lis kompatibilit\u00e1s<\/strong><\/h2>\n\n<p>A tervez\u00e9s k\u00f6z\u00e9ppontj\u00e1ban a tart\u00f3ss\u00e1g \u00e1ll. A k\u00e1bel PVC \u00e9s 48 sz\u00e1las nylon fonott k\u00fcls\u0151vel k\u00e9sz\u00fcl, amelyet kifejezetten \u00fagy terveztek, hogy t\u00f6bb mint 10 000 hajl\u00edt\u00e1st b\u00edrjon ki. Ezenk\u00edv\u00fcl az alum\u00ednium\u00f6tv\u00f6zetb\u0151l k\u00e9sz\u00fclt burkolat pr\u00e9mium \u00e9rzetet biztos\u00edt, mik\u00f6zben v\u00e9di a bels\u0151 oxig\u00e9nmentes r\u00e9zmagot. Ez a robusztus kialak\u00edt\u00e1s biztos\u00edtja, hogy az USB4 k\u00e1bel USB C megb\u00edzhat\u00f3 r\u00e9sze maradjon a k\u00e9szletednek az elk\u00f6vetkez\u0151 \u00e9vekben.   <\/p>\n\n<hr class=\"wp-block-separator has-alpha-channel-opacity\"\/>\n\n<h2 class=\"wp-block-heading\"><strong>Biztos\u00edtsa USB4 USB C k\u00e1bel\u00e9t m\u00e9g ma<\/strong><\/h2>\n\n<p>Ne hagyja, hogy a lass\u00fa adat\u00e1tviteli sebess\u00e9g vagy a gyenge t\u00f6lt\u00e9s tov\u00e1bb h\u00e1tr\u00e1ltassa a be\u00e1ll\u00edt\u00e1sait. Ez a pr\u00e9miumk\u00e1bel a v\u00e9gleges friss\u00edt\u00e9s mindazok sz\u00e1m\u00e1ra, akik iPhone 15 sorozatot, iPad Pro-t vagy nagy teljes\u00edtm\u00e9ny\u0171 PC-t haszn\u00e1lnak. Nagy a kereslet erre a speci\u00e1lis 240 W-os Thunderbolt 4 specifik\u00e1ci\u00f3ra, ez\u00e9rt cselekedj most, hogy garant\u00e1ltan id\u0151ben megkapd a ti\u00e9det. L\u00e1togasson el \u00fczlet\u00fcnkbe m\u00e9g ma, hogy megtapasztalja a csatlakoztathat\u00f3s\u00e1g j\u00f6v\u0151j\u00e9t, \u00e9s biztos\u00edtsa, hogy eszk\u00f6zei mindig teljes g\u0151zzel m\u0171k\u00f6djenek!   <\/p>\n","protected":false},"excerpt":{"rendered":"<ul>\n<li><strong>40 Gbps adat\u00e1tvitel &#8211;<\/strong> vill\u00e1mgyors \u00e1tvitel hatalmas f\u00e1jlok sz\u00e1m\u00e1ra.<\/li>\n<li><strong>240 W-os t\u00f6lt\u00e9s &#8211;<\/strong> PD 3.1 a nagy teljes\u00edtm\u00e9ny\u0171 laptopokhoz.<\/li>\n<li><strong>8K60Hz vide\u00f3 &#8211;<\/strong> Sharp 8K vagy kett\u0151s 4K kijelz\u0151t\u00e1mogat\u00e1s.<\/li>\n<li><strong>E-Marker chip &#8211;<\/strong> Intelligens biztons\u00e1g a stabil \u00e1ramell\u00e1t\u00e1s\u00e9rt.<\/li>\n<li><strong>Fonott fel\u00e9p\u00edt\u00e9s &#8211;<\/strong> Meger\u0151s\u00edtett nejlon \u00e9s alum\u00ednium h\u00e9j.<\/li>\n<\/ul>\n[cg_accordion title=\"FIZET\u00c9SI INFORM\u00c1CI\u00d3K\"]<\/p>\n<p>A leg\u00fajabb technol\u00f3gi\u00e1t haszn\u00e1ljuk a fizet\u00e9s feldolgoz\u00e1s\u00e1ban, amely lehet\u0151v\u00e9 teszi, hogy az Apple Pay, a Google Pay, a bankk\u00e1rtya\/hitelk\u00e1rtya, a PayPal vagy a BNPL m\u00f3dszerek, mint p\u00e9ld\u00e1ul a Klarna, az Affirm vagy az AfterPay seg\u00edts\u00e9g\u00e9vel fizessen ki gyorsan \u00e9s biztons\u00e1gosan.[\/cg_accordion]\n[cg_accordion title=\"GARANCIA\"]<\/p>\n<p>1 \u00e9v garancia a <a href=\"https:\/\/droix.net\/\" target=\"_blank\" rel=\"nofollow noopener\">DROIX Global- t\u00f3l az \u00d6n nyugalma \u00e9rdek\u00e9ben<\/a> [\/cg_accordion]\n[cg_accordion title=\"MIN\u0150S\u00c9GBIZTOS\u00cdT\u00c1S \u00c9S SZ\u00c1LL\u00cdT\u00c1S EL\u0150TTI TESZTEL\u00c9S\"]<\/p>\n<p>A legmagasabb sz\u00ednvonal\u00fa \u00fcgyf\u00e9l-el\u00e9gedetts\u00e9g biztos\u00edt\u00e1sa: Minden k\u00e9sz\u00fcl\u00e9ket szigor\u00fa tesztel\u00e9snek \u00e9s t\u00f6bbpontos min\u0151s\u00e9gbiztos\u00edt\u00e1si ellen\u0151rz\u00e9snek vetnek al\u00e1, miel\u0151tt kisz\u00e1ll\u00edt\u00e1sra ker\u00fcl. Elk\u00f6telezett csapatunk ellen\u0151rzi a teljes\u00edtm\u00e9nyt, a funkcionalit\u00e1st \u00e9s az alkatr\u00e9szek \u00e9ps\u00e9g\u00e9t, hogy garant\u00e1ljuk, hogy az AYANEO k\u00e9sz\u00fcl\u00e9k meg\u00e9rkez\u00e9sekor t\u00f6k\u00e9letes m\u0171k\u00f6d\u00e9si \u00e1llapotban van, \u00edgy biztos\u00edtva \u00d6nnek a bizalmat \u00e9s a nyugalmat. [\/cg_accordion]\n[cg_accordion title=\"\u00c1RK\u00c9PZ\u00c9S, AD\u00d3K \u00c9S SZ\u00c1LL\u00cdT\u00c1S\"]<\/p>\n<p><strong><u>Megjegyz\u00e9s:<\/u><\/strong><\/p>\n<ul>\n<li>Egyes\u00fclt \u00c1llamok \u00dcgyfelek: A felt\u00fcntetett \u00e1r NEM tartalmazza az ad\u00f3t \u00e9s a v\u00e1mokat. A v\u00e1mkezel\u00e9s \u00e9s a kapcsol\u00f3d\u00f3 ad\u00f3k\/v\u00e1mok megfizet\u00e9se az \u00fcgyfelet terheli. <\/li>\n<li>EU-s \u00fcgyfelek: A felt\u00fcntetett \u00e1r tartalmazza az alkalmazand\u00f3 ad\u00f3t, amely az \u00d6n orsz\u00e1g\u00e1t\u00f3l f\u00fcgg\u0151en ak\u00e1r 25% is lehet.<\/li>\n<li>Kanadai \u00fcgyfelek: A felt\u00fcntetett \u00e1r tartalmazza az alkalmazand\u00f3 ad\u00f3kat, amelyek az \u00d6n tartom\u00e1ny\u00e1t\u00f3l f\u00fcgg\u0151en tartalmazhatj\u00e1k az 5%-os GST-t \u00e9s tov\u00e1bbi tartom\u00e1nyi forgalmi ad\u00f3kat (PST), harmoniz\u00e1lt forgalmi ad\u00f3t (HST) vagy qu\u00e9beci forgalmi ad\u00f3t (QST).<\/li>\n<\/ul>\n<p>USA-beli \u00fcgyfeleink sz\u00e1m\u00e1ra: DAP (Delivered At Place). B\u00e1r az \u00fcgyfelek felel\u0151sek az alkalmazand\u00f3 tarif\u00e1k megfizet\u00e9s\u00e9\u00e9rt, mi az Egyes\u00fclt Kir\u00e1lys\u00e1gb\u00f3l t\u00f6rt\u00e9n\u0151 sz\u00e1ll\u00edt\u00e1sban szerzett sz\u00e9lesk\u00f6r\u0171 tapasztalatainkra t\u00e1maszkodva biztos\u00edtjuk, hogy a lehet\u0151 legkevesebb d\u00edjat kelljen fizetnie. Nyilv\u00e1ntart\u00e1sunk alapj\u00e1n ezek a d\u00edjak \u00e1ltal\u00e1ban nem haladj\u00e1k meg a term\u00e9k \u00e9rt\u00e9k\u00e9nek 10%-\u00e1t.  <\/p>\n<p><strong>CSAK EU-s \u00fcgyfelek sz\u00e1m\u00e1ra:<\/strong> Express DDP (Delivered Duty Paid). Ez azt jelenti: <\/p>\n<ul>\n<li>A term\u00e9k oldal\u00e1n felt\u00fcntetett \u00e1r tartalmazza az \u00f6sszes v\u00e1mot \u00e9s ad\u00f3t.<\/li>\n<li>A k\u00e9zbes\u00edt\u00e9skor nem kell tov\u00e1bbi d\u00edjakat fizetnie.<\/li>\n<li>Abban a ritka esetben, ha a v\u00e1mkezel\u00e9ssel kapcsolatos probl\u00e9m\u00e1k mer\u00fclnek fel, csapatunk az \u00d6n nev\u00e9ben elv\u00e9gzi a v\u00e1mkezel\u00e9si folyamatot, hogy biztos\u00edtsa a z\u00f6kken\u0151mentes sz\u00e1ll\u00edt\u00e1st.<\/li>\n<p>Fontos inform\u00e1ci\u00f3k a visszak\u00fcld\u00e9sr\u0151l:<\/p>\n<li>Ha \u00fagy d\u00f6nt, hogy visszak\u00fcldi megrendel\u00e9s\u00e9t vagy visszat\u00e9r\u00edt\u00e9st k\u00e9r, k\u00e9rj\u00fck, vegye figyelembe, hogy a DDP felt\u00e9telei szerint az \u00d6n nev\u00e9ben kifizetett ad\u00f3k \u00e9s v\u00e1mok nem t\u00e9r\u00edthet\u0151k vissza.<\/li>\n<p>R\u00e9szletes <a href=\"https:\/\/ayaneo.co\/hu\/szolgaltatasi-feltetelek\/\" target=\"_blank\" rel=\"nofollow noopener\">inform\u00e1ci\u00f3k\u00e9rt k\u00e9rj\u00fck, olvassa el a Felhaszn\u00e1l\u00e1si Felt\u00e9teleinket<\/a>.\n<\/ul>\n<p>[\/cg_accordion]\n[cg_accordion title=\"\u00dcGYF\u00c9LSZOLG\u00c1LAT\"]<\/p>\n<p>K\u00e9rd\u00e9se van? Egy r\u00f6vid sz\u00f6veges \u00fczenetben megoldjuk a probl\u00e9m\u00e1j\u00e1t! [\/cg_accordion]\n[cg_accordion title=\"A CSOMAG TARTALMAZZA\"]<\/p>\n<ul>\n<li>1x USB 4.0 Type-C k\u00e1bel<\/li>\n<\/ul>\n<p>[\/cg_accordion]\n","protected":false},"featured_media":44992,"template":"","meta":{"_acf_changed":false},"product_brand":[],"product_cat":[4933],"product_tag":[],"class_list":{"0":"post-47634","1":"product","2":"type-product","3":"status-publish","4":"has-post-thumbnail","6":"product_cat-tartozekok","7":"product_shipping_class-low-end","9":"first","10":"instock","11":"sale","12":"taxable","13":"shipping-taxable","14":"purchasable","15":"product-type-variable","16":"has-default-attributes"},"acf":[],"_links":{"self":[{"href":"https:\/\/ayaneo.co\/hu\/wp-json\/wp\/v2\/product\/47634","targetHints":{"allow":["GET"]}}],"collection":[{"href":"https:\/\/ayaneo.co\/hu\/wp-json\/wp\/v2\/product"}],"about":[{"href":"https:\/\/ayaneo.co\/hu\/wp-json\/wp\/v2\/types\/product"}],"wp:featuredmedia":[{"embeddable":true,"href":"https:\/\/ayaneo.co\/hu\/wp-json\/wp\/v2\/media\/44992"}],"wp:attachment":[{"href":"https:\/\/ayaneo.co\/hu\/wp-json\/wp\/v2\/media?parent=47634"}],"wp:term":[{"taxonomy":"product_brand","embeddable":true,"href":"https:\/\/ayaneo.co\/hu\/wp-json\/wp\/v2\/product_brand?post=47634"},{"taxonomy":"product_cat","embeddable":true,"href":"https:\/\/ayaneo.co\/hu\/wp-json\/wp\/v2\/product_cat?post=47634"},{"taxonomy":"product_tag","embeddable":true,"href":"https:\/\/ayaneo.co\/hu\/wp-json\/wp\/v2\/product_tag?post=47634"}],"curies":[{"name":"wp","href":"https:\/\/api.w.org\/{rel}","templated":true}]}}